{"id":5106,"date":"2022-09-15T15:43:38","date_gmt":"2022-09-15T15:43:38","guid":{"rendered":"https:\/\/www.pcalles.com\/abs-acrilo-butadieno-estireno\/"},"modified":"2022-10-05T13:24:33","modified_gmt":"2022-10-05T13:24:33","slug":"abs-acrilo-butadieno-estireno","status":"publish","type":"page","link":"https:\/\/www.pcalles.com\/ca\/abs-acrilo-butadieno-estireno\/","title":{"rendered":"ABS: Acrilo Butadieno Estireno"},"content":{"rendered":"\t\t<div data-elementor-type=\"wp-page\" data-elementor-id=\"5106\" class=\"elementor elementor-5106 elementor-4743\">\n\t\t\t\t\t\t\t\t\t<section class=\"elementor-section elementor-top-section elementor-element elementor-element-f2a3c5a elementor-section-boxed elementor-section-height-default elementor-section-height-default\" data-id=\"f2a3c5a\" data-element_type=\"section\">\n\t\t\t\t\t\t<div class=\"elementor-container elementor-column-gap-default\">\n\t\t\t\t\t<div class=\"elementor-column elementor-col-100 elementor-top-column elementor-element elementor-element-cddd91e\" data-id=\"cddd91e\" data-element_type=\"column\">\n\t\t\t<div class=\"elementor-widget-wrap elementor-element-populated\">\n\t\t\t\t\t\t\t\t<div class=\"elementor-element elementor-element-2cc8ba5 elementor-widget elementor-widget-heading\" data-id=\"2cc8ba5\" data-element_type=\"widget\" data-widget_type=\"heading.default\">\n\t\t\t\t<div class=\"elementor-widget-container\">\n\t\t\t<h1 class=\"elementor-heading-title elementor-size-default\">ABS: Acrilo Butadieno Estireno<\/h1>\t\t<\/div>\n\t\t\t\t<\/div>\n\t\t\t\t<div class=\"elementor-element elementor-element-c9e44b1 elementor-widget elementor-widget-spacer\" data-id=\"c9e44b1\" data-element_type=\"widget\" data-widget_type=\"spacer.default\">\n\t\t\t\t<div class=\"elementor-widget-container\">\n\t\t\t\t\t<div class=\"elementor-spacer\">\n\t\t\t<div class=\"elementor-spacer-inner\"><\/div>\n\t\t<\/div>\n\t\t\t\t<\/div>\n\t\t\t\t<\/div>\n\t\t\t\t<section class=\"elementor-section elementor-inner-section elementor-element elementor-element-6eaa891 elementor-section-boxed elementor-section-height-default elementor-section-height-default\" data-id=\"6eaa891\" data-element_type=\"section\">\n\t\t\t\t\t\t<div class=\"elementor-container elementor-column-gap-default\">\n\t\t\t\t\t<div class=\"elementor-column elementor-col-50 elementor-inner-column elementor-element elementor-element-31954df\" data-id=\"31954df\" data-element_type=\"column\">\n\t\t\t<div class=\"elementor-widget-wrap elementor-element-populated\">\n\t\t\t\t\t\t\t\t<div class=\"elementor-element elementor-element-583245c elementor-invisible elementor-widget elementor-widget-image\" data-id=\"583245c\" data-element_type=\"widget\" data-settings=\"{&quot;_animation&quot;:&quot;fadeIn&quot;}\" data-widget_type=\"image.default\">\n\t\t\t\t<div class=\"elementor-widget-container\">\n\t\t\t\t\t\t\t\t\t\t\t\t\t\t\t<img loading=\"lazy\" decoding=\"async\" width=\"259\" height=\"194\" src=\"https:\/\/www.pcalles.com\/wp-content\/uploads\/2022\/04\/abs.jpg\" class=\"attachment-medium size-medium wp-image-4297\" alt=\"\" \/>\t\t\t\t\t\t\t\t\t\t\t\t\t\t\t<\/div>\n\t\t\t\t<\/div>\n\t\t\t\t\t<\/div>\n\t\t<\/div>\n\t\t\t\t<div class=\"elementor-column elementor-col-50 elementor-inner-column elementor-element elementor-element-2971081\" data-id=\"2971081\" data-element_type=\"column\">\n\t\t\t<div class=\"elementor-widget-wrap elementor-element-populated\">\n\t\t\t\t\t\t\t\t<div class=\"elementor-element elementor-element-7b730a1 elementor-widget elementor-widget-text-editor\" data-id=\"7b730a1\" data-element_type=\"widget\" data-widget_type=\"text-editor.default\">\n\t\t\t\t<div class=\"elementor-widget-container\">\n\t\t\t\t\t\t\t<p>Acrilo Butadieno Estireno, es un pl\u00e1stico amorfo de ingenier\u00eda muy resistente al impacto utilizado en automoci\u00f3n y otros sectores.<br \/>En base virgen , fuera norma o post-industrial, se suministra en tres colores: blanco, negro y natural.<\/p><p>Material disponible para fabricaci\u00f3n a medida:<\/p>\t\t\t\t\t\t<\/div>\n\t\t\t\t<\/div>\n\t\t\t\t<div class=\"elementor-element elementor-element-e48fc24 elementor-icon-list--layout-traditional elementor-list-item-link-full_width elementor-invisible elementor-widget elementor-widget-icon-list\" data-id=\"e48fc24\" data-element_type=\"widget\" data-settings=\"{&quot;_animation&quot;:&quot;fadeInUp&quot;}\" data-widget_type=\"icon-list.default\">\n\t\t\t\t<div class=\"elementor-widget-container\">\n\t\t\t\t\t<ul class=\"elementor-icon-list-items\">\n\t\t\t\t\t\t\t<li class=\"elementor-icon-list-item\">\n\t\t\t\t\t\t\t\t\t\t\t<span class=\"elementor-icon-list-icon\">\n\t\t\t\t\t\t\t<i aria-hidden=\"true\" class=\"fas fa-check\"><\/i>\t\t\t\t\t\t<\/span>\n\t\t\t\t\t\t\t\t\t\t<span class=\"elementor-icon-list-text\">Retardante de llama<\/span>\n\t\t\t\t\t\t\t\t\t<\/li>\n\t\t\t\t\t\t\t\t<li class=\"elementor-icon-list-item\">\n\t\t\t\t\t\t\t\t\t\t\t<span class=\"elementor-icon-list-icon\">\n\t\t\t\t\t\t\t<i aria-hidden=\"true\" class=\"fas fa-check\"><\/i>\t\t\t\t\t\t<\/span>\n\t\t\t\t\t\t\t\t\t\t<span class=\"elementor-icon-list-text\">Protecci\u00f3n UV<\/span>\n\t\t\t\t\t\t\t\t\t<\/li>\n\t\t\t\t\t\t\t\t<li class=\"elementor-icon-list-item\">\n\t\t\t\t\t\t\t\t\t\t\t<span class=\"elementor-icon-list-icon\">\n\t\t\t\t\t\t\t<i aria-hidden=\"true\" class=\"fas fa-check\"><\/i>\t\t\t\t\t\t<\/span>\n\t\t\t\t\t\t\t\t\t\t<span class=\"elementor-icon-list-text\">Color a medida<\/span>\n\t\t\t\t\t\t\t\t\t<\/li>\n\t\t\t\t\t\t\t\t<li class=\"elementor-icon-list-item\">\n\t\t\t\t\t\t\t\t\t\t\t<span class=\"elementor-icon-list-icon\">\n\t\t\t\t\t\t\t<i aria-hidden=\"true\" class=\"fas fa-check\"><\/i>\t\t\t\t\t\t<\/span>\n\t\t\t\t\t\t\t\t\t\t<span class=\"elementor-icon-list-text\">Reforzado con fibra de vidrio<\/span>\n\t\t\t\t\t\t\t\t\t<\/li>\n\t\t\t\t\t\t<\/ul>\n\t\t\t\t<\/div>\n\t\t\t\t<\/div>\n\t\t\t\t\t<\/div>\n\t\t<\/div>\n\t\t\t\t\t\t\t<\/div>\n\t\t<\/section>\n\t\t\t\t\t<\/div>\n\t\t<\/div>\n\t\t\t\t\t\t\t<\/div>\n\t\t<\/section>\n\t\t\t\t\t\t\t<\/div>\n\t\t","protected":false},"excerpt":{"rendered":"<p>Acrilo Butadieno Estireno, es un pl\u00e1stico amorfo de ingenier\u00eda muy resistente al impacto utilizado en automoci\u00f3n y otros sectores.En base virgen , fuera norma o post-industrial, se suministra en tres colores: blanco, negro y natural. Material disponible para fabricaci\u00f3n a medida: Retardante de llama Protecci\u00f3n UV Color a medida Reforzado con fibra de vidrio<\/p>\n","protected":false},"author":3,"featured_media":0,"parent":0,"menu_order":0,"comment_status":"closed","ping_status":"closed","template":"","meta":{"inline_featured_image":false,"footnotes":""},"class_list":["post-5106","page","type-page","status-publish","hentry"],"_links":{"self":[{"href":"https:\/\/www.pcalles.com\/ca\/wp-json\/wp\/v2\/pages\/5106","targetHints":{"allow":["GET"]}}],"collection":[{"href":"https:\/\/www.pcalles.com\/ca\/wp-json\/wp\/v2\/pages"}],"about":[{"href":"https:\/\/www.pcalles.com\/ca\/wp-json\/wp\/v2\/types\/page"}],"author":[{"embeddable":true,"href":"https:\/\/www.pcalles.com\/ca\/wp-json\/wp\/v2\/users\/3"}],"replies":[{"embeddable":true,"href":"https:\/\/www.pcalles.com\/ca\/wp-json\/wp\/v2\/comments?post=5106"}],"version-history":[{"count":3,"href":"https:\/\/www.pcalles.com\/ca\/wp-json\/wp\/v2\/pages\/5106\/revisions"}],"predecessor-version":[{"id":5135,"href":"https:\/\/www.pcalles.com\/ca\/wp-json\/wp\/v2\/pages\/5106\/revisions\/5135"}],"wp:attachment":[{"href":"https:\/\/www.pcalles.com\/ca\/wp-json\/wp\/v2\/media?parent=5106"}],"curies":[{"name":"wp","href":"https:\/\/api.w.org\/{rel}","templated":true}]}}